{"id":12,"date":"2024-06-06T12:49:40","date_gmt":"2024-06-06T12:49:40","guid":{"rendered":"https:\/\/werkalecinmuebles.com.ar\/?page_id=12"},"modified":"2025-03-29T01:07:19","modified_gmt":"2025-03-29T01:07:19","slug":"preguntas-frecuentes-sobre-como-invertir-en-inmuebles-en-barcelona","status":"publish","type":"page","link":"https:\/\/werkalecinmuebles.com.ar\/index.php\/preguntas-frecuentes-sobre-como-invertir-en-inmuebles-en-barcelona\/","title":{"rendered":"Preguntas frecuentes sobre como invertir en inmuebles en Barcelona &#8211; Marzo 2025"},"content":{"rendered":"<div class=\"wpb-content-wrapper\"><p>[vc_row][vc_column][vc_column_text css=&#8221;&#8221;]<\/p>\n<div class=\"mh-heading-wrapper--left \">\n<div class=\"mh-heading-wrapper\">\n<h2 class=\"mh-heading mh-heading--bottom-separator vc_custom_1548688306993\">PREGUNTAS FRECUENTES (ACTUALIZADAS MARZO 2025)<\/h2>\n<\/div>\n<\/div>\n<div class=\"vc_toggle vc_toggle_default vc_toggle_color_default vc_toggle_size_md vc_toggle_active\">\n<div class=\"vc_toggle_title\">\n<h4><strong>\u00bf Cu\u00e1les son los documentos que se firman ?<\/strong><\/h4>\n<p>&nbsp;<\/p>\n<\/div>\n<div class=\"vc_toggle_content\">\n<p>El proceso es muy similar a una compra venta en la Argentian.<\/p>\n<ol>\n<li>Se realiza una&nbsp;<strong>RESERVA<\/strong>&nbsp;de E 3.000,- con lo cual se saca de la oferta el Inmueble. Ah\u00ed se realiza el documento de \u201cOFERTA DE COMPRA\u201d en forma online entre las inmobiliarias, que habilitar\u00e1 a que pueda abrirse la Cuenta Bancaria en Barcelona. En esta cuenta se efectuar\u00e1n todos los movimientos posteriores.<\/li>\n<li>Se realiza el&nbsp;<strong>ARRAS<\/strong>&nbsp;(similar a nuestro BOLETO DE COMPRA VENTA d\u00f3nde se debe consolidar el 20% del valor del inmueble. Dentro de los 15 d\u00edas posteriores a la firma de la&nbsp;<strong>RESERVA<\/strong><\/li>\n<li>Se realiza la&nbsp;<strong>ESCRITURA<\/strong>&nbsp;donde se consolida el 100% del valor y se cancela los gastos de Honorarios, Registro y dem\u00e1s que correspondan.<\/li>\n<\/ol>\n<p><em><strong>ATENCION:<\/strong>&nbsp;todo esto es meramente informativo. Para asesoramiento profesional, necesitamos analizar el caso particular y consultar con nuestros Staff de Abogados y Escribanos.<\/em><\/p>\n<hr>\n<\/div>\n<\/div>\n<div class=\"vc_toggle vc_toggle_default vc_toggle_color_default vc_toggle_size_md vc_toggle_active\">\n<div class=\"vc_toggle_title\">\n<h4><strong>\u00bf Cu\u00e1les son los gastos asociados ?<\/strong><\/h4>\n<\/div>\n<div class=\"vc_toggle_content\">\n<h4>COMPRA VENTA :<\/h4>\n<ol>\n<li><strong>Honorarios profesionales:<\/strong>&nbsp;8 % sobre el monto de la operaci\u00f3n (correspondiente a Notariales y Corretaje Inmobiliario)<\/li>\n<li><strong>Impuesto a la Transferencia de Piso<\/strong>&nbsp;(ley espa\u00f1ola) : 10% sobre el monto de la operaci\u00f3n.<\/li>\n<li><strong>IBI (ley espa\u00f1ola):<\/strong>&nbsp;aproximadamente E 300,-<\/li>\n<\/ol>\n<p>En el caso de realizarse los tr\u00e1mites de Apertura de Cta Bancaria, tr\u00e1mite del NEI, poderes para poder solucionar tanto la RESERVA como el ARRAS, se deben calcular E 3.000,-<\/p>\n<h4>ALQUILER:<\/h4>\n<p>El 100% de los costos los abona el futuro INQUILINO.<\/p>\n<p>NO SE COBRA gesti\u00f3n de administraci\u00f3n del inmueble, ya que el futuro INQUILINO deposita directamente en la Cuenta Bancaria del DUE\u00d1O<\/p>\n<p>Obviamente siempre estamos en contacto con el INQUILINO y nos conectamos con el DUE\u00d1O ante cualquier problema. Contamos con personal para todo el soporte: tr\u00e1mite ante los seguros, b\u00fasquedas de presupuestos de reparaciones, realizaci\u00f3n de reformas. Estos TRAMITES se presupuestar\u00e1n en base a las horas y la cantidad de profesionales afectados.<\/p>\n<p><strong>!SIEMPRE ESTAMOS !<\/strong><\/p>\n<p><em><strong>ATENCION:<\/strong>&nbsp;todo esto es meramente informativo. Para asesoramiento profesional, necesitamos analizar el caso particular y consultar con nuestros Staff de Abogados y Escribanos.<\/em><\/p>\n<hr>\n<\/div>\n<\/div>\n<div class=\"vc_toggle vc_toggle_default vc_toggle_color_default vc_toggle_size_md vc_toggle_active\">\n<div class=\"vc_toggle_title\">\n<h4><strong>\u00bf Qu\u00e9 tipo de contratos de alquiler se pueden realizar ?<\/strong><\/h4>\n<p>&nbsp;<\/p>\n<\/div>\n<div class=\"vc_toggle_content\">\n<h4>Existen 3 tipos de contratos de alquiler, que se dividen por la posible duraci\u00f3n:<\/h4>\n<ol>\n<li><strong>Alquiler Tur\u00edstico:<\/strong>&nbsp;Hasta 32 d\u00edas corridos. Se necesita LICENCIA especial. En el caso que un piso la tenga, estar\u00e1 indicado en sus caracter\u00edsticas.<\/li>\n<li><strong>Alquiler Temporarios<\/strong>&nbsp;: entre 33 d\u00edas y un a\u00f1o. En este caso en el valor de la RENTA esta incluidos tanto COMUNIDAD (que ser\u00eda nuestras expensas) como los impuestos y se debe proveer los servicios de CABLE e INTERNET.<\/li>\n<li><strong>Alquiler de Largo Plazo:<\/strong>&nbsp;lo que ser\u00eda nuestro contrato tradicional que tiene una duraci\u00f3n de 5 A\u00d1OS<\/li>\n<\/ol>\n<p>En el caso de realizarse los tr\u00e1mites de Apertura de Cta Bancaria, tr\u00e1mite del NEI, poderes para poder solucionar tanto la RESERVA como el ARRAS, se deben calcular E 3.000,-<\/p>\n<h4>ALQUILER:<\/h4>\n<p>El 100% de los costos los abona el futuro INQUILINO.<\/p>\n<p>NO SE COBRA gesti\u00f3n de administraci\u00f3n del inmueble, ya que el futuro INQUILINO deposita directamente en la Cuenta Bancaria del DUE\u00d1O<\/p>\n<p>Obviamente siempre estamos en contacto con el INQUILINO y nos conectamos con el DUE\u00d1O ante cualquier problema. Contamos con personal para todo el soporte: tr\u00e1mite ante los seguros, b\u00fasquedas de presupuestos de reparaciones, realizaci\u00f3n de reformas. Estos TRAMITES se presupuestar\u00e1n en base a las horas y la cantidad de profesionales afectados.<\/p>\n<p>SIEMPRE ESTAMOS !<\/p>\n<hr>\n<\/div>\n<\/div>\n<div class=\"vc_toggle vc_toggle_default vc_toggle_color_default vc_toggle_size_md vc_toggle_active\">\n<div class=\"vc_toggle_title\">\n<h4><strong>En un Contrato de Alquiler: quienes pagan los gastos ? Y las Expensas?<\/strong><\/h4>\n<p>&nbsp;<\/p>\n<\/div>\n<div class=\"vc_toggle_content\">\n<h4>Todos los costos son soportados por el posible INQUILINO.<\/h4>\n<p>Inclu\u00eddo el concepto COMUNIDAD que representa a nuestras EXPENSAS.<\/p>\n<hr>\n<\/div>\n<\/div>\n<div class=\"vc_toggle vc_toggle_default vc_toggle_color_default vc_toggle_size_md vc_toggle_active\">\n<div class=\"vc_toggle_title\">\n<h4><strong>\u00bf Se paga impuestos a las Ganancias?<\/strong><\/h4>\n<p>&nbsp;<\/p>\n<\/div>\n<div class=\"vc_toggle_content\">\n<p>Si, pero en lugar del&nbsp;<strong>35%<\/strong>&nbsp;deArgentina, se abona el&nbsp;<strong>24%<\/strong>&nbsp;con lo cual se tienen una ventaja de<strong>&nbsp;9 (NUEVE) puntos<\/strong>.<\/p>\n<p>En el caso de contar con la&nbsp;<strong>CIUDADANIA ESPA\u00d1OLA<\/strong>&nbsp;y ser&nbsp;<strong>RESIDENTE<\/strong>, este valor disminuye al<strong>&nbsp;19 %<\/strong>&nbsp;con la ventaja adem\u00e1s, de poder descontar gastos.<\/p>\n<p><em><strong>ATENCION:<\/strong>&nbsp;todo esto es meramente informativo. Para asesoramiento profesional, necesitamos analizar el caso particular y consultar con nuestros Staff de Abogados y Escribanos.<\/em><\/p>\n<hr>\n<\/div>\n<\/div>\n<div class=\"vc_toggle vc_toggle_default vc_toggle_color_default vc_toggle_size_md vc_toggle_active\">\n<div class=\"vc_toggle_title\">\n<h4><strong>\u00bf C\u00f3mo son los derechos sucesorios en ESPA\u00d1A?<\/strong><\/h4>\n<p>&nbsp;<\/p>\n<\/div>\n<div class=\"vc_toggle_content\">\n<p>Cada regi\u00f3n tiene su propia legislaci\u00f3n.<\/p>\n<p>En el caso de BARCELONA, se abona al estado un&nbsp;<strong>10%<\/strong>&nbsp;sobre el total del patrimonio .<\/p>\n<p>En el caso que los herederos (o Donaciones en vida) sean menores de 30 a\u00f1os, se abona el&nbsp;<strong>5%<\/strong><\/p>\n<p><em><strong>ATENCION:<\/strong>&nbsp;todo esto es meramente informativo. Para asesoramiento profesional, necesitamos analizar el caso particular y consultar con nuestros Staff de Abogados y Escribanos.<\/em><\/p>\n<hr>\n<p>&nbsp;<\/p>\n<\/div>\n<\/div>\n<p>[\/vc_column_text]<div class=\"flip-box-wrap\" style=\"\"><div class=\"flip-box ifb-jq-height  horizontal_flip_left flip-ifb-jq-height\" data-animation=\"\" data-animation-delay=\"03\" style=\"\" ><div class=\"ifb-flip-box\" id=\"flip-box-wrap-1913\"><div class=\"ifb-face ifb-front \" style=\"color:#333333;background:#efefef;  border-color:#A4A4A4; \">\n\t\t\t\t\t\t\t<div class=\"ifb-flip-box-section \">\n\t\t\t\t\t\t\t<h3 class=\"ult-responsive flipbox_heading\"  data-ultimate-target='#flip-box-wrap-1913 .ult-responsive.flipbox_heading'  data-responsive-json-new='{\"font-size\":\"\",\"line-height\":\"\"}'  style=\"color:#333333; \">\u00bfTe quedaron preguntas? \u00bfNecesit\u00e1s m\u00e1s informaci\u00f3n? CONTACTANOS<\/h3><div class=\"ifb-flip-box-section-content ult-responsive\"  data-ultimate-target='#flip-box-wrap-1913 .ifb-flip-box-section-content.ult-responsive'  data-responsive-json-new='{\"font-size\":\"\",\"line-height\":\"\"}'  style=\"color:#333333;\"><p>De acuerdo a tu presupuesto y al tipo de inversi\u00f3n que quieras hacer, buscamos dentro de nuestra cartera de m\u00e1s de 200 propiedades para acercarte la que mejor se adecua a tu perfil.<\/p>\n<p>Si te parece, combinamos entrevista PERSONAL en Rosario, para explicarte y darte toda la informaci\u00f3n que necesites.<\/p>\n<p>Dejanos tus datos y nos pondremos en contacto:<\/p><\/div><\/div><\/div><!-- END .front -->\n\t\t\t\t\t\t<div class=\"ifb-face ifb-back\" style=\"color:#68bc3a;background:#efefef;  border-color:#A4A4A4; \">\n\t\t\t\t\t\t\t<div class=\"ifb-flip-box-section \"><h2 class=\"ult-responsive flipbox_heading\"  data-ultimate-target='#flip-box-wrap-1913 .ult-responsive.flipbox_heading'  data-responsive-json-new='{\"font-size\":\"\",\"line-height\":\"\"}'  style=\"color:#68bc3a; \">CONTACTANOS POR WHATSAPP<\/h2><div class=\"ifb-desc-back\"><div class=\"ifb-flip-box-section-content ult-responsive\"  data-ultimate-target='#flip-box-wrap-1913 .ifb-flip-box-section-content.ult-responsive'  data-responsive-json-new='{\"font-size\":\"\",\"line-height\":\"\"}'  style=\"color:#68bc3a;\"><p>Haciendo click aqu\u00ed abajo<\/p><\/div><\/div><div class=\"flip_link\"><a href=\"https:\/\/api.whatsapp.com\/send?phone=543415098098&text=Quiero mas info sobre invertir en BARCELONA\" title=\"contactanos por whatsapp\"  style=\"background:#333333; color:#ffffff;\">CLICK PARA ESCRIBIRNOS POR WHATSAPP<\/a><\/div><\/div><\/div><!-- END .back --><\/div> <!-- ifb-flip-box --><\/div> <!-- flip-box --><\/div><!-- End icon block -->[\/vc_column][\/vc_row][vc_row content_placement=&#8221;middle&#8221;][\/vc_row][vc_column][\/vc_column][vc_column][\/vc_column][vc_btn title=&#8221;CLICK PARA CONSULTAR POR WHATSAPP&#8221; color=&#8221;green&#8221; i_icon_fontawesome=&#8221;fa fa-whatsapp&#8221; add_icon=&#8221;true&#8221; link=&#8221;url:https%3A%2F%2Fapi.whatsapp.com%2Fsend%3Fphone%3D543415098098%26text%3DQuiero%20mas%20info%20sobre%20invertir%20en%20BARCELONA|title:Click%20para%20mas%20info|target:%20_blank|&#8221;][vc_row][vc_column]<div class=\" \">\n\t\n        <div class=\"mh-heading-wrapper\">\n            <h2            class=\"mh-heading  mh-heading--bottom-separator   \"\n            style=\"font-weight:700;\">\n\t\t\tCONSULTA ALGUNAS DE LAS PROPIEDADES QUE TENEMOS EN BARCELONA y EL RESTO DE ESPA\u00d1A        <\/h2>\n\n\t\t            <div class=\"mh-subheading \"\n                 style=\"\">\n\t\t\t\t\u00bfTe qued\u00f3 alguna duda? No dejes pasar esta oportunidad ! CONTACTATE!            <\/div>\n\t\t    <\/div>\n\n\t<\/div>    <div class=\"mh-carousel owl-carousel owl-properties owl-carousel--visible-3 \">\n\t\t            <div class=\"item\">\n                <article\n                        class=\"mh-estate-vertical  mh-attribute-property-type__casa mh-attribute-offer-type__venta mh-attribute-city__funes mh-attribute-bathrooms__bathrooms mh-attribute-property-size__property-size mh-attribute-lot-size__lot-size mh-attribute-year__year mh-attribute-features__2-plantas \"\n                >\n\t\t\t\t\t                        <add-to-favorite\n                                class=\"myhome-add-to-favorite\"\n                                :property-id=\"331\"\n                        ><\/add-to-favorite>\n\t\t\t\t\t\n                    <a href=\"https:\/\/werkalecinmuebles.com.ar\/index.php\/piso\/casa\/funes\/2-plantas\/casa-origami-donde-la-arquitectura-se-convierte-en-arte-viviente\/\"\n                       title=\"Casa Origami: donde la arquitectura se convierte en arte viviente\"\n                       class=\"mh-thumbnail\"\n\t\t\t\t\t\t                    >\n\t\t\t\t\t\t                            <div class=\"mh-thumbnail__inner\">\n\t\t\t\t\t\t\t\t\t\t<img\n\t\t\t\t\t\t\tdata-srcset=\"https:\/\/werkalecinmuebles.com.ar\/wp-content\/uploads\/2025\/06\/CASAORIGAMI-18-120x75.jpg 120w, https:\/\/werkalecinmuebles.com.ar\/wp-content\/uploads\/2025\/06\/CASAORIGAMI-18-848x530.jpg 848w, https:\/\/werkalecinmuebles.com.ar\/wp-content\/uploads\/2025\/06\/CASAORIGAMI-18-600x375.jpg 600w, https:\/\/werkalecinmuebles.com.ar\/wp-content\/uploads\/2025\/06\/CASAORIGAMI-18-400x250.jpg 400w, https:\/\/werkalecinmuebles.com.ar\/wp-content\/uploads\/2025\/06\/CASAORIGAMI-18-224x140.jpg 224w\"\n\t\t\t\tclass=\"lazyload \"\n\t\t\t\tdata-sizes=\"auto\"\n\t\t\t\t\t\talt=\"Casa Origami: donde la arquitectura se convierte en arte viviente\"\n\t\t>\n\t\t                            <\/div>\n\t\t\t\t\t\t\n\t\t\t\t\t\t                            <div class=\"mh-thumbnail__featured\">\n                                <i class=\"fas fa-star\"><\/i>\n                            <\/div>\n\t\t\t\t\t\t\n\t\t\t\t\t\t                            <div class=\"mh-caption\">\n\n\t\t\t\t\t\t\t\t\t\t\t\t\t\t\t\t\t                                        <div\n                                                class=\"mh-caption__inner mh-label__venta\"\n                                                style=\"background-color: #fc0000; color: #fff\"\n                                        >\n\t\t\t\t\t\t\t\t\t\t\tVenta                                        <\/div>\n\t\t\t\t\t\t\t\t\t\t\t\t\t\t\t\t\t\n                            <\/div>\n\t\t\t\t\t\t\n                        <div class=\"mh-estate-vertical__text\">\n                            <div class=\"mh-estate-vertical__text__inner\">\n\t\t\t\t\t\t\t\tVenta Casa Exclusiva Barrio Vida Funes - Dise\u00f1o Arquitecto Werkalec\r\nLa historia de una obra de dise\u00f1o\r\nEn el coraz\u00f3n del exclusivo barrio cerrado Vida en Fu...                            <\/div>\n                        <\/div>\n                    <\/a>\n\n                    <div class=\"mh-estate-vertical__content\">\n                        <h3 class=\"mh-estate-vertical__heading\">\n                            <a href=\"https:\/\/werkalecinmuebles.com.ar\/index.php\/piso\/casa\/funes\/2-plantas\/casa-origami-donde-la-arquitectura-se-convierte-en-arte-viviente\/\"\n                               title=\"Casa Origami: donde la arquitectura se convierte en arte viviente\"\n\t\t\t\t\t\t\t\t                            >\n\t\t\t\t\t\t\t\tCasa Origami: donde la arquitectura se convierte en arte viviente                            <\/a>\n                        <\/h3>\n\n\t\t\t\t\t\t\n                        <div class=\"mh-estate-vertical__primary\">\n\t\t\t\t\t\t\t\t\t\t\t\t\t\t\t                                    <div\n\t\t\t\t\t\t\t\t\t\t>\n\t\t\t\t\t\t\t\t\t\tusd690,000                                    <\/div>\n\t\t\t\t\t\t\t\t\t\t\t\t\t\t\t                        <\/div>\n\n                        <div>\n                            <div class=\"mh-estate__list\">\n\t\t\t\t\t\t\t\t                            <\/div>\n                        <\/div>\n\n                        <div class=\"mh-estate-vertical__bottom\">\n                            <div class=\"mh-estate-vertical__bottom__inner\">\n\n\t\t\t\t\t\t\t\t\n                                <div class=\"mh-estate-vertical__buttons-wrapper\">\n                                    <div class=\"mh-estate-vertical__buttons\">\n\n\t\t\t\t\t\t\t\t\t\t                                            <div class=\"mh-estate-vertical__buttons__single\">\n                                                <compare-button\n                                                        class=\"myhome-compare-button\"\n                                                        :estate=\"{&quot;id&quot;:331,&quot;name&quot;:&quot;Casa Origami: donde la arquitectura se convierte en arte viviente&quot;,&quot;slug&quot;:&quot;casa-origami-donde-la-arquitectura-se-convierte-en-arte-viviente&quot;,&quot;excerpt&quot;:&quot;Venta Casa Exclusiva Barrio Vida Funes - Dise\\u00f1o Arquitecto Werkalec\\r\\nLa historia de una obra de dise\\u00f1o\\r\\nEn el coraz\\u00f3n del ...&quot;,&quot;link&quot;:&quot;https:\\\/\\\/werkalecinmuebles.com.ar\\\/index.php\\\/piso\\\/casa\\\/funes\\\/2-plantas\\\/casa-origami-donde-la-arquitectura-se-convierte-en-arte-viviente\\\/&quot;,&quot;has_price&quot;:true,&quot;image_srcset&quot;:&quot;https:\\\/\\\/werkalecinmuebles.com.ar\\\/wp-content\\\/uploads\\\/2025\\\/06\\\/CASAORIGAMI-18-120x75.jpg 120w, https:\\\/\\\/werkalecinmuebles.com.ar\\\/wp-content\\\/uploads\\\/2025\\\/06\\\/CASAORIGAMI-18-848x530.jpg 848w, https:\\\/\\\/werkalecinmuebles.com.ar\\\/wp-content\\\/uploads\\\/2025\\\/06\\\/CASAORIGAMI-18-600x375.jpg 600w, https:\\\/\\\/werkalecinmuebles.com.ar\\\/wp-content\\\/uploads\\\/2025\\\/06\\\/CASAORIGAMI-18-400x250.jpg 400w, https:\\\/\\\/werkalecinmuebles.com.ar\\\/wp-content\\\/uploads\\\/2025\\\/06\\\/CASAORIGAMI-18-224x140.jpg 224w&quot;,&quot;image&quot;:&quot;https:\\\/\\\/werkalecinmuebles.com.ar\\\/wp-content\\\/uploads\\\/2025\\\/06\\\/CASAORIGAMI-18.jpg&quot;,&quot;attributes&quot;:[{&quot;name&quot;:&quot;Tipolog\\u00eda&quot;,&quot;slug&quot;:&quot;property-type&quot;,&quot;has_archive&quot;:true,&quot;values&quot;:[{&quot;name&quot;:&quot;Casa&quot;,&quot;value&quot;:&quot;Casa&quot;,&quot;link&quot;:&quot;https:\\\/\\\/werkalecinmuebles.com.ar\\\/index.php\\\/property-type\\\/casa\\\/&quot;,&quot;slug&quot;:&quot;casa&quot;,&quot;options&quot;:[]}],&quot;display_after&quot;:&quot;&quot;,&quot;show&quot;:true,&quot;card_show&quot;:false,&quot;icon&quot;:&quot;&quot;},{&quot;name&quot;:&quot;Operacion&quot;,&quot;slug&quot;:&quot;offer-type&quot;,&quot;has_archive&quot;:true,&quot;values&quot;:[{&quot;name&quot;:&quot;Venta&quot;,&quot;value&quot;:&quot;Venta&quot;,&quot;link&quot;:&quot;https:\\\/\\\/werkalecinmuebles.com.ar\\\/index.php\\\/offer-type\\\/venta\\\/&quot;,&quot;slug&quot;:&quot;venta&quot;,&quot;options&quot;:{&quot;has_label&quot;:true,&quot;bg_color&quot;:&quot;#fc0000&quot;,&quot;color&quot;:&quot;#fff&quot;}}],&quot;display_after&quot;:&quot;&quot;,&quot;show&quot;:true,&quot;card_show&quot;:false,&quot;icon&quot;:&quot;&quot;},{&quot;name&quot;:&quot;Ciudad&quot;,&quot;slug&quot;:&quot;city&quot;,&quot;has_archive&quot;:true,&quot;values&quot;:[{&quot;name&quot;:&quot;Funes&quot;,&quot;value&quot;:&quot;Funes&quot;,&quot;link&quot;:&quot;https:\\\/\\\/werkalecinmuebles.com.ar\\\/index.php\\\/city\\\/funes\\\/&quot;,&quot;slug&quot;:&quot;funes&quot;,&quot;options&quot;:[]}],&quot;display_after&quot;:&quot;&quot;,&quot;show&quot;:true,&quot;card_show&quot;:false,&quot;icon&quot;:&quot;&quot;},{&quot;name&quot;:&quot;Ba\\u00f1os&quot;,&quot;slug&quot;:&quot;bathrooms&quot;,&quot;has_archive&quot;:false,&quot;values&quot;:[{&quot;name&quot;:&quot;3&quot;,&quot;value&quot;:&quot;3&quot;,&quot;link&quot;:&quot;&quot;,&quot;slug&quot;:&quot;bathrooms&quot;,&quot;options&quot;:[]}],&quot;display_after&quot;:&quot;&quot;,&quot;show&quot;:true,&quot;card_show&quot;:false,&quot;icon&quot;:&quot;&quot;},{&quot;name&quot;:&quot;Superficie&quot;,&quot;slug&quot;:&quot;property-size&quot;,&quot;has_archive&quot;:false,&quot;values&quot;:[{&quot;name&quot;:&quot;376&quot;,&quot;value&quot;:&quot;376&quot;,&quot;link&quot;:&quot;&quot;,&quot;slug&quot;:&quot;property-size&quot;,&quot;options&quot;:[]}],&quot;display_after&quot;:&quot;&quot;,&quot;show&quot;:true,&quot;card_show&quot;:false,&quot;icon&quot;:&quot;&quot;},{&quot;name&quot;:&quot;Terreno&quot;,&quot;slug&quot;:&quot;lot-size&quot;,&quot;has_archive&quot;:false,&quot;values&quot;:[{&quot;name&quot;:&quot;800&quot;,&quot;value&quot;:&quot;800&quot;,&quot;link&quot;:&quot;&quot;,&quot;slug&quot;:&quot;lot-size&quot;,&quot;options&quot;:[]}],&quot;display_after&quot;:&quot;&quot;,&quot;show&quot;:true,&quot;card_show&quot;:false,&quot;icon&quot;:&quot;&quot;},{&quot;name&quot;:&quot;A\\u00f1o&quot;,&quot;slug&quot;:&quot;year&quot;,&quot;has_archive&quot;:false,&quot;values&quot;:[{&quot;name&quot;:&quot;2025&quot;,&quot;value&quot;:&quot;2025&quot;,&quot;link&quot;:&quot;&quot;,&quot;slug&quot;:&quot;year&quot;,&quot;options&quot;:[]}],&quot;display_after&quot;:&quot;&quot;,&quot;show&quot;:true,&quot;card_show&quot;:false,&quot;icon&quot;:&quot;&quot;},{&quot;name&quot;:&quot;Caracter\\u00edsticas&quot;,&quot;slug&quot;:&quot;features&quot;,&quot;has_archive&quot;:true,&quot;values&quot;:[{&quot;name&quot;:&quot;2 Plantas&quot;,&quot;value&quot;:&quot;2 Plantas&quot;,&quot;link&quot;:&quot;https:\\\/\\\/werkalecinmuebles.com.ar\\\/index.php\\\/features\\\/2-plantas\\\/&quot;,&quot;slug&quot;:&quot;2-plantas&quot;,&quot;options&quot;:[]}],&quot;display_after&quot;:&quot;&quot;,&quot;show&quot;:true,&quot;card_show&quot;:false,&quot;icon&quot;:&quot;&quot;}],&quot;address&quot;:&quot;&quot;,&quot;days_ago&quot;:&quot;11 meses ago&quot;,&quot;is_featured&quot;:true,&quot;offer_type&quot;:[{&quot;name&quot;:&quot;Venta&quot;,&quot;value&quot;:&quot;Venta&quot;,&quot;link&quot;:&quot;https:\\\/\\\/werkalecinmuebles.com.ar\\\/index.php\\\/offer-type\\\/venta\\\/&quot;,&quot;slug&quot;:&quot;venta&quot;,&quot;options&quot;:{&quot;has_label&quot;:true,&quot;bg_color&quot;:&quot;#fc0000&quot;,&quot;color&quot;:&quot;#fff&quot;}}],&quot;status&quot;:&quot;publish&quot;,&quot;payment_status&quot;:&quot;pre_payment&quot;,&quot;attribute_classes&quot;:&quot; mh-attribute-property-type__casa mh-attribute-offer-type__venta mh-attribute-city__funes mh-attribute-bathrooms__bathrooms mh-attribute-property-size__property-size mh-attribute-lot-size__lot-size mh-attribute-year__year mh-attribute-features__2-plantas&quot;,&quot;gallery&quot;:[{&quot;image&quot;:&quot;https:\\\/\\\/werkalecinmuebles.com.ar\\\/wp-content\\\/uploads\\\/2025\\\/06\\\/CASAORIGAMI-18-600x375.jpg&quot;,&quot;alt&quot;:&quot;&quot;},{&quot;image&quot;:&quot;https:\\\/\\\/werkalecinmuebles.com.ar\\\/wp-content\\\/uploads\\\/2025\\\/06\\\/CASAORIGAMI-19-600x375.jpg&quot;,&quot;alt&quot;:&quot;&quot;},{&quot;image&quot;:&quot;https:\\\/\\\/werkalecinmuebles.com.ar\\\/wp-content\\\/uploads\\\/2025\\\/06\\\/CASAORIGAMI-01-600x375.jpg&quot;,&quot;alt&quot;:&quot;&quot;},{&quot;image&quot;:&quot;https:\\\/\\\/werkalecinmuebles.com.ar\\\/wp-content\\\/uploads\\\/2025\\\/06\\\/CASAORIGAMI-22-600x375.jpg&quot;,&quot;alt&quot;:&quot;&quot;},{&quot;image&quot;:&quot;https:\\\/\\\/werkalecinmuebles.com.ar\\\/wp-content\\\/uploads\\\/2025\\\/06\\\/CASAORIGAMI-04-600x375.jpg&quot;,&quot;alt&quot;:&quot;&quot;}],&quot;date&quot;:&quot;1 de junio de 2025&quot;,&quot;price&quot;:[{&quot;price&quot;:&quot;usd690,000&quot;,&quot;is_range&quot;:false}]}\"\n                                                ><\/compare-button>\n                                            <\/div>\n\t\t\t\t\t\t\t\t\t\t\n                                        <div class=\"mh-estate-vertical__buttons__single\">\n                                            <a href=\"https:\/\/werkalecinmuebles.com.ar\/index.php\/piso\/casa\/funes\/2-plantas\/casa-origami-donde-la-arquitectura-se-convierte-en-arte-viviente\/\"\n                                               title=\"Casa Origami: donde la arquitectura se convierte en arte viviente\"\n                                               class=\"mdl-button mdl-js-button mdl-button--raised mdl-button--primary-ghost\"\n\t\t\t\t\t\t\t\t\t\t\t\t                                            >\n\t\t\t\t\t\t\t\t\t\t\t\tDetails                                                <span class=\"mdl-button__icon-right\">\n                                                <i class=\"fas fa-angle-right\"><\/i>\n                                            <\/span>\n                                            <\/a>\n                                        <\/div>\n                                    <\/div>\n                                <\/div>\n                            <\/div>\n                        <\/div>\n                    <\/div>\n                <\/article>\n            <\/div>\n\t\t            <div class=\"item\">\n                <article\n                        class=\"mh-estate-vertical  mh-attribute-property-type__departamento mh-attribute-offer-type__venta mh-attribute-city__les-roquetes mh-attribute-bathrooms__bathrooms mh-attribute-property-size__property-size mh-attribute-year__year mh-attribute-features__pb \"\n                >\n\t\t\t\t\t                        <add-to-favorite\n                                class=\"myhome-add-to-favorite\"\n                                :property-id=\"191\"\n                        ><\/add-to-favorite>\n\t\t\t\t\t\n                    <a href=\"https:\/\/werkalecinmuebles.com.ar\/index.php\/piso\/departamento\/les-roquetes\/pb\/venta-departamento-de-2-dormitorios-excelente-opcion-para-invertir\/\"\n                       title=\"VENTA Departamento de 2 dormitorios  excelente opci\u00f3n para invertir en BARCELONA\"\n                       class=\"mh-thumbnail\"\n\t\t\t\t\t\t                    >\n\t\t\t\t\t\t                            <div class=\"mh-thumbnail__inner\">\n\t\t\t\t\t\t\t\t\t\t<img\n\t\t\t\t\t\t\tdata-srcset=\"https:\/\/werkalecinmuebles.com.ar\/wp-content\/uploads\/2022\/12\/Captura-de-pantalla_20221227_153229-min-120x75.png 120w, https:\/\/werkalecinmuebles.com.ar\/wp-content\/uploads\/2022\/12\/Captura-de-pantalla_20221227_153229-min-400x250.png 400w, https:\/\/werkalecinmuebles.com.ar\/wp-content\/uploads\/2022\/12\/Captura-de-pantalla_20221227_153229-min-224x140.png 224w\"\n\t\t\t\tclass=\"lazyload \"\n\t\t\t\tdata-sizes=\"auto\"\n\t\t\t\t\t\talt=\"VENTA Departamento de 2 dormitorios  excelente opci\u00f3n para invertir en BARCELONA\"\n\t\t>\n\t\t                            <\/div>\n\t\t\t\t\t\t\n\t\t\t\t\t\t\n\t\t\t\t\t\t                            <div class=\"mh-caption\">\n\n\t\t\t\t\t\t\t\t\t\t\t\t\t\t\t\t\t                                        <div\n                                                class=\"mh-caption__inner mh-label__venta\"\n                                                style=\"background-color: #fc0000; color: #fff\"\n                                        >\n\t\t\t\t\t\t\t\t\t\t\tVenta                                        <\/div>\n\t\t\t\t\t\t\t\t\t\t\t\t\t\t\t\t\t\n                            <\/div>\n\t\t\t\t\t\t\n                        <div class=\"mh-estate-vertical__text\">\n                            <div class=\"mh-estate-vertical__text__inner\">\n\t\t\t\t\t\t\t\t\r\nEl Barrio\r\nLes Roquetes&nbsp;es uno de los trece barrios del&nbsp;distrito de Nou Barris&nbsp;de&nbsp;Barcelona. Tiene una superficie de 0,61 km\u00b2 y una pob...                            <\/div>\n                        <\/div>\n                    <\/a>\n\n                    <div class=\"mh-estate-vertical__content\">\n                        <h3 class=\"mh-estate-vertical__heading\">\n                            <a href=\"https:\/\/werkalecinmuebles.com.ar\/index.php\/piso\/departamento\/les-roquetes\/pb\/venta-departamento-de-2-dormitorios-excelente-opcion-para-invertir\/\"\n                               title=\"VENTA Departamento de 2 dormitorios  excelente opci\u00f3n para invertir en BARCELONA\"\n\t\t\t\t\t\t\t\t                            >\n\t\t\t\t\t\t\t\tVENTA Departamento de 2 dormitorios  excelente opci\u00f3n para invertir en BARCELONA                            <\/a>\n                        <\/h3>\n\n\t\t\t\t\t\t\n                        <div class=\"mh-estate-vertical__primary\">\n\t\t\t\t\t\t\t\t\t\t\t\t\t\t\t                                    <div\n\t\t\t\t\t\t\t\t\t\t>\n\t\t\t\t\t\t\t\t\t\tE75,000                                    <\/div>\n\t\t\t\t\t\t\t\t\t\t\t\t\t\t\t                        <\/div>\n\n                        <div>\n                            <div class=\"mh-estate__list\">\n\t\t\t\t\t\t\t\t                            <\/div>\n                        <\/div>\n\n                        <div class=\"mh-estate-vertical__bottom\">\n                            <div class=\"mh-estate-vertical__bottom__inner\">\n\n\t\t\t\t\t\t\t\t\n                                <div class=\"mh-estate-vertical__buttons-wrapper\">\n                                    <div class=\"mh-estate-vertical__buttons\">\n\n\t\t\t\t\t\t\t\t\t\t                                            <div class=\"mh-estate-vertical__buttons__single\">\n                                                <compare-button\n                                                        class=\"myhome-compare-button\"\n                                                        :estate=\"{&quot;id&quot;:191,&quot;name&quot;:&quot;VENTA Departamento de 2 dormitorios  excelente opci\\u00f3n para invertir en BARCELONA&quot;,&quot;slug&quot;:&quot;venta-departamento-de-2-dormitorios-excelente-opcion-para-invertir&quot;,&quot;excerpt&quot;:&quot;\\r\\nEl Barrio\\r\\nLes Roquetes&nbsp;es uno de los trece barrios del&nbsp;distrito de Nou Barris&nbsp;de&nbsp;Barcelona. Tiene u...&quot;,&quot;link&quot;:&quot;https:\\\/\\\/werkalecinmuebles.com.ar\\\/index.php\\\/piso\\\/departamento\\\/les-roquetes\\\/pb\\\/venta-departamento-de-2-dormitorios-excelente-opcion-para-invertir\\\/&quot;,&quot;has_price&quot;:true,&quot;image_srcset&quot;:&quot;https:\\\/\\\/werkalecinmuebles.com.ar\\\/wp-content\\\/uploads\\\/2022\\\/12\\\/Captura-de-pantalla_20221227_153229-min-120x75.png 120w, https:\\\/\\\/werkalecinmuebles.com.ar\\\/wp-content\\\/uploads\\\/2022\\\/12\\\/Captura-de-pantalla_20221227_153229-min-400x250.png 400w, https:\\\/\\\/werkalecinmuebles.com.ar\\\/wp-content\\\/uploads\\\/2022\\\/12\\\/Captura-de-pantalla_20221227_153229-min-224x140.png 224w&quot;,&quot;image&quot;:&quot;https:\\\/\\\/werkalecinmuebles.com.ar\\\/wp-content\\\/uploads\\\/2022\\\/12\\\/Captura-de-pantalla_20221227_153229-min.png&quot;,&quot;attributes&quot;:[{&quot;name&quot;:&quot;Tipolog\\u00eda&quot;,&quot;slug&quot;:&quot;property-type&quot;,&quot;has_archive&quot;:true,&quot;values&quot;:[{&quot;name&quot;:&quot;Departamento&quot;,&quot;value&quot;:&quot;Departamento&quot;,&quot;link&quot;:&quot;https:\\\/\\\/werkalecinmuebles.com.ar\\\/index.php\\\/property-type\\\/departamento\\\/&quot;,&quot;slug&quot;:&quot;departamento&quot;,&quot;options&quot;:[]}],&quot;display_after&quot;:&quot;&quot;,&quot;show&quot;:true,&quot;card_show&quot;:false,&quot;icon&quot;:&quot;&quot;},{&quot;name&quot;:&quot;Operacion&quot;,&quot;slug&quot;:&quot;offer-type&quot;,&quot;has_archive&quot;:true,&quot;values&quot;:[{&quot;name&quot;:&quot;Venta&quot;,&quot;value&quot;:&quot;Venta&quot;,&quot;link&quot;:&quot;https:\\\/\\\/werkalecinmuebles.com.ar\\\/index.php\\\/offer-type\\\/venta\\\/&quot;,&quot;slug&quot;:&quot;venta&quot;,&quot;options&quot;:{&quot;has_label&quot;:true,&quot;bg_color&quot;:&quot;#fc0000&quot;,&quot;color&quot;:&quot;#fff&quot;}}],&quot;display_after&quot;:&quot;&quot;,&quot;show&quot;:true,&quot;card_show&quot;:false,&quot;icon&quot;:&quot;&quot;},{&quot;name&quot;:&quot;Ciudad&quot;,&quot;slug&quot;:&quot;city&quot;,&quot;has_archive&quot;:true,&quot;values&quot;:[{&quot;name&quot;:&quot;Les Roquetes&quot;,&quot;value&quot;:&quot;Les Roquetes&quot;,&quot;link&quot;:&quot;https:\\\/\\\/werkalecinmuebles.com.ar\\\/index.php\\\/city\\\/les-roquetes\\\/&quot;,&quot;slug&quot;:&quot;les-roquetes&quot;,&quot;options&quot;:[]}],&quot;display_after&quot;:&quot;&quot;,&quot;show&quot;:true,&quot;card_show&quot;:false,&quot;icon&quot;:&quot;&quot;},{&quot;name&quot;:&quot;Ba\\u00f1os&quot;,&quot;slug&quot;:&quot;bathrooms&quot;,&quot;has_archive&quot;:false,&quot;values&quot;:[{&quot;name&quot;:&quot;1&quot;,&quot;value&quot;:&quot;1&quot;,&quot;link&quot;:&quot;&quot;,&quot;slug&quot;:&quot;bathrooms&quot;,&quot;options&quot;:[]}],&quot;display_after&quot;:&quot;&quot;,&quot;show&quot;:true,&quot;card_show&quot;:false,&quot;icon&quot;:&quot;&quot;},{&quot;name&quot;:&quot;Superficie&quot;,&quot;slug&quot;:&quot;property-size&quot;,&quot;has_archive&quot;:false,&quot;values&quot;:[{&quot;name&quot;:&quot;43&quot;,&quot;value&quot;:&quot;43&quot;,&quot;link&quot;:&quot;&quot;,&quot;slug&quot;:&quot;property-size&quot;,&quot;options&quot;:[]}],&quot;display_after&quot;:&quot;&quot;,&quot;show&quot;:true,&quot;card_show&quot;:false,&quot;icon&quot;:&quot;&quot;},{&quot;name&quot;:&quot;Terreno&quot;,&quot;slug&quot;:&quot;lot-size&quot;,&quot;has_archive&quot;:false,&quot;values&quot;:[],&quot;display_after&quot;:&quot;&quot;,&quot;show&quot;:true,&quot;card_show&quot;:false,&quot;icon&quot;:&quot;&quot;},{&quot;name&quot;:&quot;A\\u00f1o&quot;,&quot;slug&quot;:&quot;year&quot;,&quot;has_archive&quot;:false,&quot;values&quot;:[{&quot;name&quot;:&quot;1968&quot;,&quot;value&quot;:&quot;1968&quot;,&quot;link&quot;:&quot;&quot;,&quot;slug&quot;:&quot;year&quot;,&quot;options&quot;:[]}],&quot;display_after&quot;:&quot;&quot;,&quot;show&quot;:true,&quot;card_show&quot;:false,&quot;icon&quot;:&quot;&quot;},{&quot;name&quot;:&quot;Caracter\\u00edsticas&quot;,&quot;slug&quot;:&quot;features&quot;,&quot;has_archive&quot;:true,&quot;values&quot;:[{&quot;name&quot;:&quot;Planta Baja&quot;,&quot;value&quot;:&quot;Planta Baja&quot;,&quot;link&quot;:&quot;https:\\\/\\\/werkalecinmuebles.com.ar\\\/index.php\\\/features\\\/pb\\\/&quot;,&quot;slug&quot;:&quot;pb&quot;,&quot;options&quot;:[]}],&quot;display_after&quot;:&quot;&quot;,&quot;show&quot;:true,&quot;card_show&quot;:false,&quot;icon&quot;:&quot;&quot;}],&quot;address&quot;:&quot;&quot;,&quot;days_ago&quot;:&quot;3 a\\u00f1os ago&quot;,&quot;is_featured&quot;:false,&quot;offer_type&quot;:[{&quot;name&quot;:&quot;Venta&quot;,&quot;value&quot;:&quot;Venta&quot;,&quot;link&quot;:&quot;https:\\\/\\\/werkalecinmuebles.com.ar\\\/index.php\\\/offer-type\\\/venta\\\/&quot;,&quot;slug&quot;:&quot;venta&quot;,&quot;options&quot;:{&quot;has_label&quot;:true,&quot;bg_color&quot;:&quot;#fc0000&quot;,&quot;color&quot;:&quot;#fff&quot;}}],&quot;status&quot;:&quot;publish&quot;,&quot;payment_status&quot;:&quot;pre_payment&quot;,&quot;attribute_classes&quot;:&quot; mh-attribute-property-type__departamento mh-attribute-offer-type__venta mh-attribute-city__les-roquetes mh-attribute-bathrooms__bathrooms mh-attribute-property-size__property-size mh-attribute-year__year mh-attribute-features__pb&quot;,&quot;gallery&quot;:[{&quot;image&quot;:&quot;https:\\\/\\\/werkalecinmuebles.com.ar\\\/wp-content\\\/uploads\\\/2022\\\/12\\\/Captura-de-pantalla_20221227_153135-min.png&quot;,&quot;alt&quot;:&quot;&quot;},{&quot;image&quot;:&quot;https:\\\/\\\/werkalecinmuebles.com.ar\\\/wp-content\\\/uploads\\\/2022\\\/12\\\/Captura-de-pantalla_20221227_153229-min-1.png&quot;,&quot;alt&quot;:&quot;&quot;},{&quot;image&quot;:&quot;https:\\\/\\\/werkalecinmuebles.com.ar\\\/wp-content\\\/uploads\\\/2022\\\/12\\\/Captura-de-pantalla_20221227_153245-min.png&quot;,&quot;alt&quot;:&quot;&quot;},{&quot;image&quot;:&quot;https:\\\/\\\/werkalecinmuebles.com.ar\\\/wp-content\\\/uploads\\\/2022\\\/12\\\/Captura-de-pantalla_20221227_153221-min.png&quot;,&quot;alt&quot;:&quot;&quot;},{&quot;image&quot;:&quot;https:\\\/\\\/werkalecinmuebles.com.ar\\\/wp-content\\\/uploads\\\/2022\\\/12\\\/Captura-de-pantalla_20221227_153205-min.png&quot;,&quot;alt&quot;:&quot;&quot;}],&quot;date&quot;:&quot;27 de diciembre de 2022&quot;,&quot;price&quot;:[{&quot;price&quot;:&quot;E75,000&quot;,&quot;is_range&quot;:false}]}\"\n                                                ><\/compare-button>\n                                            <\/div>\n\t\t\t\t\t\t\t\t\t\t\n                                        <div class=\"mh-estate-vertical__buttons__single\">\n                                            <a href=\"https:\/\/werkalecinmuebles.com.ar\/index.php\/piso\/departamento\/les-roquetes\/pb\/venta-departamento-de-2-dormitorios-excelente-opcion-para-invertir\/\"\n                                               title=\"VENTA Departamento de 2 dormitorios  excelente opci\u00f3n para invertir en BARCELONA\"\n                                               class=\"mdl-button mdl-js-button mdl-button--raised mdl-button--primary-ghost\"\n\t\t\t\t\t\t\t\t\t\t\t\t                                            >\n\t\t\t\t\t\t\t\t\t\t\t\tDetails                                                <span class=\"mdl-button__icon-right\">\n                                                <i class=\"fas fa-angle-right\"><\/i>\n                                            <\/span>\n                                            <\/a>\n                                        <\/div>\n                                    <\/div>\n                                <\/div>\n                            <\/div>\n                        <\/div>\n                    <\/div>\n                <\/article>\n            <\/div>\n\t\t            <div class=\"item\">\n                <article\n                        class=\"mh-estate-vertical  mh-attribute-property-type__departamento mh-attribute-offer-type__venta mh-attribute-city__manresa mh-attribute-bathrooms__bathrooms mh-attribute-property-size__property-size mh-attribute-year__year mh-attribute-features__ascensor \"\n                >\n\t\t\t\t\t                        <add-to-favorite\n                                class=\"myhome-add-to-favorite\"\n                                :property-id=\"136\"\n                        ><\/add-to-favorite>\n\t\t\t\t\t\n                    <a href=\"https:\/\/werkalecinmuebles.com.ar\/index.php\/piso\/departamento\/manresa\/ascensor\/excelente-piso-en-manresa-de-1-dormitorio-a-la-venta\/\"\n                       title=\"Excelente piso en Manresa de 2 dormitorios a la venta\"\n                       class=\"mh-thumbnail\"\n\t\t\t\t\t\t                    >\n\t\t\t\t\t\t                            <div class=\"mh-thumbnail__inner\">\n\t\t\t\t\t\t\t\t\t\t<img\n\t\t\t\t\t\t\tdata-srcset=\"https:\/\/werkalecinmuebles.com.ar\/wp-content\/uploads\/2022\/08\/Captura-de-Pantalla-2022-08-29-a-las-17.38.17-min-120x75.png 120w, https:\/\/werkalecinmuebles.com.ar\/wp-content\/uploads\/2022\/08\/Captura-de-Pantalla-2022-08-29-a-las-17.38.17-min-848x530.png 848w, https:\/\/werkalecinmuebles.com.ar\/wp-content\/uploads\/2022\/08\/Captura-de-Pantalla-2022-08-29-a-las-17.38.17-min-600x375.png 600w, https:\/\/werkalecinmuebles.com.ar\/wp-content\/uploads\/2022\/08\/Captura-de-Pantalla-2022-08-29-a-las-17.38.17-min-400x250.png 400w, https:\/\/werkalecinmuebles.com.ar\/wp-content\/uploads\/2022\/08\/Captura-de-Pantalla-2022-08-29-a-las-17.38.17-min-224x140.png 224w\"\n\t\t\t\tclass=\"lazyload \"\n\t\t\t\tdata-sizes=\"auto\"\n\t\t\t\t\t\talt=\"Excelente piso en Manresa de 2 dormitorios a la venta\"\n\t\t>\n\t\t                            <\/div>\n\t\t\t\t\t\t\n\t\t\t\t\t\t                            <div class=\"mh-thumbnail__featured\">\n                                <i class=\"fas fa-star\"><\/i>\n                            <\/div>\n\t\t\t\t\t\t\n\t\t\t\t\t\t                            <div class=\"mh-caption\">\n\n\t\t\t\t\t\t\t\t\t\t\t\t\t\t\t\t\t                                        <div\n                                                class=\"mh-caption__inner mh-label__venta\"\n                                                style=\"background-color: #fc0000; color: #fff\"\n                                        >\n\t\t\t\t\t\t\t\t\t\t\tVenta                                        <\/div>\n\t\t\t\t\t\t\t\t\t\t\t\t\t\t\t\t\t\n                            <\/div>\n\t\t\t\t\t\t\n                        <div class=\"mh-estate-vertical__text\">\n                            <div class=\"mh-estate-vertical__text__inner\">\n\t\t\t\t\t\t\t\t\r\nEl Barrio\r\nLa ciudad est\u00e1 llena de historia y es perfecta para que los amantes de la naturaleza establezcan all\u00ed su hogar.\r\nUbicada a menos de una hora de ...                            <\/div>\n                        <\/div>\n                    <\/a>\n\n                    <div class=\"mh-estate-vertical__content\">\n                        <h3 class=\"mh-estate-vertical__heading\">\n                            <a href=\"https:\/\/werkalecinmuebles.com.ar\/index.php\/piso\/departamento\/manresa\/ascensor\/excelente-piso-en-manresa-de-1-dormitorio-a-la-venta\/\"\n                               title=\"Excelente piso en Manresa de 2 dormitorios a la venta\"\n\t\t\t\t\t\t\t\t                            >\n\t\t\t\t\t\t\t\tExcelente piso en Manresa de 2 dormitorios a la venta                            <\/a>\n                        <\/h3>\n\n\t\t\t\t\t\t\n                        <div class=\"mh-estate-vertical__primary\">\n\t\t\t\t\t\t\t\t\t\t\t\t\t\t\t                                    <div\n\t\t\t\t\t\t\t\t\t\t>\n\t\t\t\t\t\t\t\t\t\tE49,000                                    <\/div>\n\t\t\t\t\t\t\t\t\t\t\t\t\t\t\t                        <\/div>\n\n                        <div>\n                            <div class=\"mh-estate__list\">\n\t\t\t\t\t\t\t\t                            <\/div>\n                        <\/div>\n\n                        <div class=\"mh-estate-vertical__bottom\">\n                            <div class=\"mh-estate-vertical__bottom__inner\">\n\n\t\t\t\t\t\t\t\t\n                                <div class=\"mh-estate-vertical__buttons-wrapper\">\n                                    <div class=\"mh-estate-vertical__buttons\">\n\n\t\t\t\t\t\t\t\t\t\t                                            <div class=\"mh-estate-vertical__buttons__single\">\n                                                <compare-button\n                                                        class=\"myhome-compare-button\"\n                                                        :estate=\"{&quot;id&quot;:136,&quot;name&quot;:&quot;Excelente piso en Manresa de 2 dormitorios a la venta&quot;,&quot;slug&quot;:&quot;excelente-piso-en-manresa-de-1-dormitorio-a-la-venta&quot;,&quot;excerpt&quot;:&quot;\\r\\nEl Barrio\\r\\nLa ciudad est\\u00e1 llena de historia y es perfecta para que los amantes de la naturaleza establezcan all\\u00ed su hoga...&quot;,&quot;link&quot;:&quot;https:\\\/\\\/werkalecinmuebles.com.ar\\\/index.php\\\/piso\\\/departamento\\\/manresa\\\/ascensor\\\/excelente-piso-en-manresa-de-1-dormitorio-a-la-venta\\\/&quot;,&quot;has_price&quot;:true,&quot;image_srcset&quot;:&quot;https:\\\/\\\/werkalecinmuebles.com.ar\\\/wp-content\\\/uploads\\\/2022\\\/08\\\/Captura-de-Pantalla-2022-08-29-a-las-17.38.17-min-120x75.png 120w, https:\\\/\\\/werkalecinmuebles.com.ar\\\/wp-content\\\/uploads\\\/2022\\\/08\\\/Captura-de-Pantalla-2022-08-29-a-las-17.38.17-min-848x530.png 848w, https:\\\/\\\/werkalecinmuebles.com.ar\\\/wp-content\\\/uploads\\\/2022\\\/08\\\/Captura-de-Pantalla-2022-08-29-a-las-17.38.17-min-600x375.png 600w, https:\\\/\\\/werkalecinmuebles.com.ar\\\/wp-content\\\/uploads\\\/2022\\\/08\\\/Captura-de-Pantalla-2022-08-29-a-las-17.38.17-min-400x250.png 400w, https:\\\/\\\/werkalecinmuebles.com.ar\\\/wp-content\\\/uploads\\\/2022\\\/08\\\/Captura-de-Pantalla-2022-08-29-a-las-17.38.17-min-224x140.png 224w&quot;,&quot;image&quot;:&quot;https:\\\/\\\/werkalecinmuebles.com.ar\\\/wp-content\\\/uploads\\\/2022\\\/08\\\/Captura-de-Pantalla-2022-08-29-a-las-17.38.17-min.png&quot;,&quot;attributes&quot;:[{&quot;name&quot;:&quot;Tipolog\\u00eda&quot;,&quot;slug&quot;:&quot;property-type&quot;,&quot;has_archive&quot;:true,&quot;values&quot;:[{&quot;name&quot;:&quot;Departamento&quot;,&quot;value&quot;:&quot;Departamento&quot;,&quot;link&quot;:&quot;https:\\\/\\\/werkalecinmuebles.com.ar\\\/index.php\\\/property-type\\\/departamento\\\/&quot;,&quot;slug&quot;:&quot;departamento&quot;,&quot;options&quot;:[]}],&quot;display_after&quot;:&quot;&quot;,&quot;show&quot;:true,&quot;card_show&quot;:false,&quot;icon&quot;:&quot;&quot;},{&quot;name&quot;:&quot;Operacion&quot;,&quot;slug&quot;:&quot;offer-type&quot;,&quot;has_archive&quot;:true,&quot;values&quot;:[{&quot;name&quot;:&quot;Venta&quot;,&quot;value&quot;:&quot;Venta&quot;,&quot;link&quot;:&quot;https:\\\/\\\/werkalecinmuebles.com.ar\\\/index.php\\\/offer-type\\\/venta\\\/&quot;,&quot;slug&quot;:&quot;venta&quot;,&quot;options&quot;:{&quot;has_label&quot;:true,&quot;bg_color&quot;:&quot;#fc0000&quot;,&quot;color&quot;:&quot;#fff&quot;}}],&quot;display_after&quot;:&quot;&quot;,&quot;show&quot;:true,&quot;card_show&quot;:false,&quot;icon&quot;:&quot;&quot;},{&quot;name&quot;:&quot;Ciudad&quot;,&quot;slug&quot;:&quot;city&quot;,&quot;has_archive&quot;:true,&quot;values&quot;:[{&quot;name&quot;:&quot;Manresa&quot;,&quot;value&quot;:&quot;Manresa&quot;,&quot;link&quot;:&quot;https:\\\/\\\/werkalecinmuebles.com.ar\\\/index.php\\\/city\\\/manresa\\\/&quot;,&quot;slug&quot;:&quot;manresa&quot;,&quot;options&quot;:[]}],&quot;display_after&quot;:&quot;&quot;,&quot;show&quot;:true,&quot;card_show&quot;:false,&quot;icon&quot;:&quot;&quot;},{&quot;name&quot;:&quot;Ba\\u00f1os&quot;,&quot;slug&quot;:&quot;bathrooms&quot;,&quot;has_archive&quot;:false,&quot;values&quot;:[{&quot;name&quot;:&quot;1&quot;,&quot;value&quot;:&quot;1&quot;,&quot;link&quot;:&quot;&quot;,&quot;slug&quot;:&quot;bathrooms&quot;,&quot;options&quot;:[]}],&quot;display_after&quot;:&quot;&quot;,&quot;show&quot;:true,&quot;card_show&quot;:false,&quot;icon&quot;:&quot;&quot;},{&quot;name&quot;:&quot;Superficie&quot;,&quot;slug&quot;:&quot;property-size&quot;,&quot;has_archive&quot;:false,&quot;values&quot;:[{&quot;name&quot;:&quot;61&quot;,&quot;value&quot;:&quot;61&quot;,&quot;link&quot;:&quot;&quot;,&quot;slug&quot;:&quot;property-size&quot;,&quot;options&quot;:[]}],&quot;display_after&quot;:&quot;&quot;,&quot;show&quot;:true,&quot;card_show&quot;:false,&quot;icon&quot;:&quot;&quot;},{&quot;name&quot;:&quot;Terreno&quot;,&quot;slug&quot;:&quot;lot-size&quot;,&quot;has_archive&quot;:false,&quot;values&quot;:[],&quot;display_after&quot;:&quot;&quot;,&quot;show&quot;:true,&quot;card_show&quot;:false,&quot;icon&quot;:&quot;&quot;},{&quot;name&quot;:&quot;A\\u00f1o&quot;,&quot;slug&quot;:&quot;year&quot;,&quot;has_archive&quot;:false,&quot;values&quot;:[{&quot;name&quot;:&quot;2009&quot;,&quot;value&quot;:&quot;2009&quot;,&quot;link&quot;:&quot;&quot;,&quot;slug&quot;:&quot;year&quot;,&quot;options&quot;:[]}],&quot;display_after&quot;:&quot;&quot;,&quot;show&quot;:true,&quot;card_show&quot;:false,&quot;icon&quot;:&quot;&quot;},{&quot;name&quot;:&quot;Caracter\\u00edsticas&quot;,&quot;slug&quot;:&quot;features&quot;,&quot;has_archive&quot;:true,&quot;values&quot;:[{&quot;name&quot;:&quot;Ascensor&quot;,&quot;value&quot;:&quot;Ascensor&quot;,&quot;link&quot;:&quot;https:\\\/\\\/werkalecinmuebles.com.ar\\\/index.php\\\/features\\\/ascensor\\\/&quot;,&quot;slug&quot;:&quot;ascensor&quot;,&quot;options&quot;:[]}],&quot;display_after&quot;:&quot;&quot;,&quot;show&quot;:true,&quot;card_show&quot;:false,&quot;icon&quot;:&quot;&quot;}],&quot;address&quot;:&quot;&quot;,&quot;days_ago&quot;:&quot;4 a\\u00f1os ago&quot;,&quot;is_featured&quot;:true,&quot;offer_type&quot;:[{&quot;name&quot;:&quot;Venta&quot;,&quot;value&quot;:&quot;Venta&quot;,&quot;link&quot;:&quot;https:\\\/\\\/werkalecinmuebles.com.ar\\\/index.php\\\/offer-type\\\/venta\\\/&quot;,&quot;slug&quot;:&quot;venta&quot;,&quot;options&quot;:{&quot;has_label&quot;:true,&quot;bg_color&quot;:&quot;#fc0000&quot;,&quot;color&quot;:&quot;#fff&quot;}}],&quot;status&quot;:&quot;publish&quot;,&quot;payment_status&quot;:&quot;pre_payment&quot;,&quot;attribute_classes&quot;:&quot; mh-attribute-property-type__departamento mh-attribute-offer-type__venta mh-attribute-city__manresa mh-attribute-bathrooms__bathrooms mh-attribute-property-size__property-size mh-attribute-year__year mh-attribute-features__ascensor&quot;,&quot;gallery&quot;:[{&quot;image&quot;:&quot;https:\\\/\\\/werkalecinmuebles.com.ar\\\/wp-content\\\/uploads\\\/2022\\\/08\\\/Captura-de-Pantalla-2022-08-29-a-las-17.38.06-min-600x375.png&quot;,&quot;alt&quot;:&quot;piso 2 dormitorios a la venta en manresa espa\\u00f1a&quot;},{&quot;image&quot;:&quot;https:\\\/\\\/werkalecinmuebles.com.ar\\\/wp-content\\\/uploads\\\/2022\\\/08\\\/Captura-de-Pantalla-2022-08-29-a-las-17.38.17-min-600x375.png&quot;,&quot;alt&quot;:&quot;piso 2 dormitorios a la venta en manresa espa\\u00f1a&quot;},{&quot;image&quot;:&quot;https:\\\/\\\/werkalecinmuebles.com.ar\\\/wp-content\\\/uploads\\\/2022\\\/08\\\/Captura-de-Pantalla-2022-08-29-a-las-17.38.25-min-600x375.png&quot;,&quot;alt&quot;:&quot;piso 2 dormitorios a la venta en manresa espa\\u00f1a&quot;},{&quot;image&quot;:&quot;https:\\\/\\\/werkalecinmuebles.com.ar\\\/wp-content\\\/uploads\\\/2022\\\/08\\\/Captura-de-Pantalla-2022-08-29-a-las-17.38.33-min-600x375.png&quot;,&quot;alt&quot;:&quot;piso 2 dormitorios a la venta en manresa espa\\u00f1a&quot;},{&quot;image&quot;:&quot;https:\\\/\\\/werkalecinmuebles.com.ar\\\/wp-content\\\/uploads\\\/2022\\\/08\\\/Captura-de-Pantalla-2022-08-29-a-las-17.38.41-min-600x375.png&quot;,&quot;alt&quot;:&quot;piso 2 dormitorios a la venta en manresa espa\\u00f1a&quot;}],&quot;date&quot;:&quot;29 de agosto de 2022&quot;,&quot;price&quot;:[{&quot;price&quot;:&quot;E49,000&quot;,&quot;is_range&quot;:false}]}\"\n                                                ><\/compare-button>\n                                            <\/div>\n\t\t\t\t\t\t\t\t\t\t\n                                        <div class=\"mh-estate-vertical__buttons__single\">\n                                            <a href=\"https:\/\/werkalecinmuebles.com.ar\/index.php\/piso\/departamento\/manresa\/ascensor\/excelente-piso-en-manresa-de-1-dormitorio-a-la-venta\/\"\n                                               title=\"Excelente piso en Manresa de 2 dormitorios a la venta\"\n                                               class=\"mdl-button mdl-js-button mdl-button--raised mdl-button--primary-ghost\"\n\t\t\t\t\t\t\t\t\t\t\t\t                                            >\n\t\t\t\t\t\t\t\t\t\t\t\tDetails                                                <span class=\"mdl-button__icon-right\">\n                                                <i class=\"fas fa-angle-right\"><\/i>\n                                            <\/span>\n                                            <\/a>\n                                        <\/div>\n                                    <\/div>\n                                <\/div>\n                            <\/div>\n                        <\/div>\n                    <\/div>\n                <\/article>\n            <\/div>\n\t\t            <div class=\"item\">\n                <article\n                        class=\"mh-estate-vertical  mh-attribute-property-type__departamento mh-attribute-offer-type__venta mh-attribute-city__antoni mh-attribute-bathrooms__bathrooms mh-attribute-property-size__property-size mh-attribute-features__ascensor \"\n                >\n\t\t\t\t\t                        <add-to-favorite\n                                class=\"myhome-add-to-favorite\"\n                                :property-id=\"89\"\n                        ><\/add-to-favorite>\n\t\t\t\t\t\n                    <a href=\"https:\/\/werkalecinmuebles.com.ar\/index.php\/piso\/departamento\/antoni\/ascensor\/piso-en-calle-den-sant-climent\/\"\n                       title=\"Piso en Sant Antoni, el nuevo Barrio de moda en BARCELONA\"\n                       class=\"mh-thumbnail\"\n\t\t\t\t\t\t                    >\n\t\t\t\t\t\t                            <div class=\"mh-thumbnail__inner\">\n\t\t\t\t\t\t\t\t\t\t<img\n\t\t\t\t\t\t\tdata-srcset=\"https:\/\/werkalecinmuebles.com.ar\/wp-content\/uploads\/2022\/01\/3-3-120x75.png 120w, https:\/\/werkalecinmuebles.com.ar\/wp-content\/uploads\/2022\/01\/3-3-848x530.png 848w, https:\/\/werkalecinmuebles.com.ar\/wp-content\/uploads\/2022\/01\/3-3-600x375.png 600w, https:\/\/werkalecinmuebles.com.ar\/wp-content\/uploads\/2022\/01\/3-3-400x250.png 400w, https:\/\/werkalecinmuebles.com.ar\/wp-content\/uploads\/2022\/01\/3-3-224x140.png 224w\"\n\t\t\t\tclass=\"lazyload \"\n\t\t\t\tdata-sizes=\"auto\"\n\t\t\t\t\t\talt=\"Piso en Sant Antoni, el nuevo Barrio de moda en BARCELONA\"\n\t\t>\n\t\t                            <\/div>\n\t\t\t\t\t\t\n\t\t\t\t\t\t\n\t\t\t\t\t\t                            <div class=\"mh-caption\">\n\n\t\t\t\t\t\t\t\t\t\t\t\t\t\t\t\t\t                                        <div\n                                                class=\"mh-caption__inner mh-label__venta\"\n                                                style=\"background-color: #fc0000; color: #fff\"\n                                        >\n\t\t\t\t\t\t\t\t\t\t\tVenta                                        <\/div>\n\t\t\t\t\t\t\t\t\t\t\t\t\t\t\t\t\t\n                            <\/div>\n\t\t\t\t\t\t\n                        <div class=\"mh-estate-vertical__text\">\n                            <div class=\"mh-estate-vertical__text__inner\">\n\t\t\t\t\t\t\t\t\r\nEl Barrio\r\n\r\nSant Antoni, el nuevo barrio de moda de Barcelona\r\n\r\n\r\n\r\n\r\nHasta hace no demasiado tiempo, el barrio de Sant Antoni situado en el distrito del...                            <\/div>\n                        <\/div>\n                    <\/a>\n\n                    <div class=\"mh-estate-vertical__content\">\n                        <h3 class=\"mh-estate-vertical__heading\">\n                            <a href=\"https:\/\/werkalecinmuebles.com.ar\/index.php\/piso\/departamento\/antoni\/ascensor\/piso-en-calle-den-sant-climent\/\"\n                               title=\"Piso en Sant Antoni, el nuevo Barrio de moda en BARCELONA\"\n\t\t\t\t\t\t\t\t                            >\n\t\t\t\t\t\t\t\tPiso en Sant Antoni, el nuevo Barrio de moda en BARCELONA                            <\/a>\n                        <\/h3>\n\n\t\t\t\t\t\t\n                        <div class=\"mh-estate-vertical__primary\">\n\t\t\t\t\t\t\t\t\t\t\t\t\t\t\t                                    <div\n\t\t\t\t\t\t\t\t\t\t>\n\t\t\t\t\t\t\t\t\t\tE96,000                                    <\/div>\n\t\t\t\t\t\t\t\t\t\t\t\t\t\t\t                        <\/div>\n\n                        <div>\n                            <div class=\"mh-estate__list\">\n\t\t\t\t\t\t\t\t                            <\/div>\n                        <\/div>\n\n                        <div class=\"mh-estate-vertical__bottom\">\n                            <div class=\"mh-estate-vertical__bottom__inner\">\n\n\t\t\t\t\t\t\t\t\n                                <div class=\"mh-estate-vertical__buttons-wrapper\">\n                                    <div class=\"mh-estate-vertical__buttons\">\n\n\t\t\t\t\t\t\t\t\t\t                                            <div class=\"mh-estate-vertical__buttons__single\">\n                                                <compare-button\n                                                        class=\"myhome-compare-button\"\n                                                        :estate=\"{&quot;id&quot;:89,&quot;name&quot;:&quot;Piso en Sant Antoni, el nuevo Barrio de moda en BARCELONA&quot;,&quot;slug&quot;:&quot;piso-en-calle-den-sant-climent&quot;,&quot;excerpt&quot;:&quot;\\r\\nEl Barrio\\r\\n\\r\\nSant Antoni, el nuevo barrio de moda de Barcelona\\r\\n\\r\\n\\r\\n\\r\\n\\r\\nHasta hace no demasiado tiempo, el barrio de San...&quot;,&quot;link&quot;:&quot;https:\\\/\\\/werkalecinmuebles.com.ar\\\/index.php\\\/piso\\\/departamento\\\/antoni\\\/ascensor\\\/piso-en-calle-den-sant-climent\\\/&quot;,&quot;has_price&quot;:true,&quot;image_srcset&quot;:&quot;https:\\\/\\\/werkalecinmuebles.com.ar\\\/wp-content\\\/uploads\\\/2022\\\/01\\\/3-3-120x75.png 120w, https:\\\/\\\/werkalecinmuebles.com.ar\\\/wp-content\\\/uploads\\\/2022\\\/01\\\/3-3-848x530.png 848w, https:\\\/\\\/werkalecinmuebles.com.ar\\\/wp-content\\\/uploads\\\/2022\\\/01\\\/3-3-600x375.png 600w, https:\\\/\\\/werkalecinmuebles.com.ar\\\/wp-content\\\/uploads\\\/2022\\\/01\\\/3-3-400x250.png 400w, https:\\\/\\\/werkalecinmuebles.com.ar\\\/wp-content\\\/uploads\\\/2022\\\/01\\\/3-3-224x140.png 224w&quot;,&quot;image&quot;:&quot;https:\\\/\\\/werkalecinmuebles.com.ar\\\/wp-content\\\/uploads\\\/2022\\\/01\\\/3-3.png&quot;,&quot;attributes&quot;:[{&quot;name&quot;:&quot;Tipolog\\u00eda&quot;,&quot;slug&quot;:&quot;property-type&quot;,&quot;has_archive&quot;:true,&quot;values&quot;:[{&quot;name&quot;:&quot;Departamento&quot;,&quot;value&quot;:&quot;Departamento&quot;,&quot;link&quot;:&quot;https:\\\/\\\/werkalecinmuebles.com.ar\\\/index.php\\\/property-type\\\/departamento\\\/&quot;,&quot;slug&quot;:&quot;departamento&quot;,&quot;options&quot;:[]}],&quot;display_after&quot;:&quot;&quot;,&quot;show&quot;:true,&quot;card_show&quot;:false,&quot;icon&quot;:&quot;&quot;},{&quot;name&quot;:&quot;Operacion&quot;,&quot;slug&quot;:&quot;offer-type&quot;,&quot;has_archive&quot;:true,&quot;values&quot;:[{&quot;name&quot;:&quot;Venta&quot;,&quot;value&quot;:&quot;Venta&quot;,&quot;link&quot;:&quot;https:\\\/\\\/werkalecinmuebles.com.ar\\\/index.php\\\/offer-type\\\/venta\\\/&quot;,&quot;slug&quot;:&quot;venta&quot;,&quot;options&quot;:{&quot;has_label&quot;:true,&quot;bg_color&quot;:&quot;#fc0000&quot;,&quot;color&quot;:&quot;#fff&quot;}}],&quot;display_after&quot;:&quot;&quot;,&quot;show&quot;:true,&quot;card_show&quot;:false,&quot;icon&quot;:&quot;&quot;},{&quot;name&quot;:&quot;Ciudad&quot;,&quot;slug&quot;:&quot;city&quot;,&quot;has_archive&quot;:true,&quot;values&quot;:[{&quot;name&quot;:&quot;Sant Antoni&quot;,&quot;value&quot;:&quot;Sant Antoni&quot;,&quot;link&quot;:&quot;https:\\\/\\\/werkalecinmuebles.com.ar\\\/index.php\\\/city\\\/antoni\\\/&quot;,&quot;slug&quot;:&quot;antoni&quot;,&quot;options&quot;:[]}],&quot;display_after&quot;:&quot;&quot;,&quot;show&quot;:true,&quot;card_show&quot;:false,&quot;icon&quot;:&quot;&quot;},{&quot;name&quot;:&quot;Ba\\u00f1os&quot;,&quot;slug&quot;:&quot;bathrooms&quot;,&quot;has_archive&quot;:false,&quot;values&quot;:[{&quot;name&quot;:&quot;1&quot;,&quot;value&quot;:&quot;1&quot;,&quot;link&quot;:&quot;&quot;,&quot;slug&quot;:&quot;bathrooms&quot;,&quot;options&quot;:[]}],&quot;display_after&quot;:&quot;&quot;,&quot;show&quot;:true,&quot;card_show&quot;:false,&quot;icon&quot;:&quot;&quot;},{&quot;name&quot;:&quot;Superficie&quot;,&quot;slug&quot;:&quot;property-size&quot;,&quot;has_archive&quot;:false,&quot;values&quot;:[{&quot;name&quot;:&quot;40&quot;,&quot;value&quot;:&quot;40&quot;,&quot;link&quot;:&quot;&quot;,&quot;slug&quot;:&quot;property-size&quot;,&quot;options&quot;:[]}],&quot;display_after&quot;:&quot;&quot;,&quot;show&quot;:true,&quot;card_show&quot;:false,&quot;icon&quot;:&quot;&quot;},{&quot;name&quot;:&quot;Terreno&quot;,&quot;slug&quot;:&quot;lot-size&quot;,&quot;has_archive&quot;:false,&quot;values&quot;:[],&quot;display_after&quot;:&quot;&quot;,&quot;show&quot;:true,&quot;card_show&quot;:false,&quot;icon&quot;:&quot;&quot;},{&quot;name&quot;:&quot;A\\u00f1o&quot;,&quot;slug&quot;:&quot;year&quot;,&quot;has_archive&quot;:false,&quot;values&quot;:[],&quot;display_after&quot;:&quot;&quot;,&quot;show&quot;:true,&quot;card_show&quot;:false,&quot;icon&quot;:&quot;&quot;},{&quot;name&quot;:&quot;Caracter\\u00edsticas&quot;,&quot;slug&quot;:&quot;features&quot;,&quot;has_archive&quot;:true,&quot;values&quot;:[{&quot;name&quot;:&quot;Ascensor&quot;,&quot;value&quot;:&quot;Ascensor&quot;,&quot;link&quot;:&quot;https:\\\/\\\/werkalecinmuebles.com.ar\\\/index.php\\\/features\\\/ascensor\\\/&quot;,&quot;slug&quot;:&quot;ascensor&quot;,&quot;options&quot;:[]}],&quot;display_after&quot;:&quot;&quot;,&quot;show&quot;:true,&quot;card_show&quot;:false,&quot;icon&quot;:&quot;&quot;}],&quot;address&quot;:&quot;&quot;,&quot;days_ago&quot;:&quot;4 a\\u00f1os ago&quot;,&quot;is_featured&quot;:false,&quot;offer_type&quot;:[{&quot;name&quot;:&quot;Venta&quot;,&quot;value&quot;:&quot;Venta&quot;,&quot;link&quot;:&quot;https:\\\/\\\/werkalecinmuebles.com.ar\\\/index.php\\\/offer-type\\\/venta\\\/&quot;,&quot;slug&quot;:&quot;venta&quot;,&quot;options&quot;:{&quot;has_label&quot;:true,&quot;bg_color&quot;:&quot;#fc0000&quot;,&quot;color&quot;:&quot;#fff&quot;}}],&quot;status&quot;:&quot;publish&quot;,&quot;payment_status&quot;:&quot;pre_payment&quot;,&quot;attribute_classes&quot;:&quot; mh-attribute-property-type__departamento mh-attribute-offer-type__venta mh-attribute-city__antoni mh-attribute-bathrooms__bathrooms mh-attribute-property-size__property-size mh-attribute-features__ascensor&quot;,&quot;gallery&quot;:[{&quot;image&quot;:&quot;https:\\\/\\\/werkalecinmuebles.com.ar\\\/wp-content\\\/uploads\\\/2022\\\/01\\\/1-3-600x375.png&quot;,&quot;alt&quot;:&quot;Piso en Calle d&#039;En Sant Climent&quot;},{&quot;image&quot;:&quot;https:\\\/\\\/werkalecinmuebles.com.ar\\\/wp-content\\\/uploads\\\/2022\\\/01\\\/2-3-600x375.png&quot;,&quot;alt&quot;:&quot;Piso en Calle d&#039;En Sant Climent&quot;},{&quot;image&quot;:&quot;https:\\\/\\\/werkalecinmuebles.com.ar\\\/wp-content\\\/uploads\\\/2022\\\/01\\\/3-3-600x375.png&quot;,&quot;alt&quot;:&quot;Piso en Calle d&#039;En Sant Climent&quot;},{&quot;image&quot;:&quot;https:\\\/\\\/werkalecinmuebles.com.ar\\\/wp-content\\\/uploads\\\/2022\\\/01\\\/4-2-600x375.png&quot;,&quot;alt&quot;:&quot;Piso en Calle d&#039;En Sant Climent&quot;},{&quot;image&quot;:&quot;https:\\\/\\\/werkalecinmuebles.com.ar\\\/wp-content\\\/uploads\\\/2022\\\/01\\\/5-3-600x375.png&quot;,&quot;alt&quot;:&quot;Piso en Calle d&#039;En Sant Climent&quot;}],&quot;date&quot;:&quot;7 de enero de 2022&quot;,&quot;price&quot;:[{&quot;price&quot;:&quot;E96,000&quot;,&quot;is_range&quot;:false}]}\"\n                                                ><\/compare-button>\n                                            <\/div>\n\t\t\t\t\t\t\t\t\t\t\n                                        <div class=\"mh-estate-vertical__buttons__single\">\n                                            <a href=\"https:\/\/werkalecinmuebles.com.ar\/index.php\/piso\/departamento\/antoni\/ascensor\/piso-en-calle-den-sant-climent\/\"\n                                               title=\"Piso en Sant Antoni, el nuevo Barrio de moda en BARCELONA\"\n                                               class=\"mdl-button mdl-js-button mdl-button--raised mdl-button--primary-ghost\"\n\t\t\t\t\t\t\t\t\t\t\t\t                                            >\n\t\t\t\t\t\t\t\t\t\t\t\tDetails                                                <span class=\"mdl-button__icon-right\">\n                                                <i class=\"fas fa-angle-right\"><\/i>\n                                            <\/span>\n                                            <\/a>\n                                        <\/div>\n                                    <\/div>\n                                <\/div>\n                            <\/div>\n                        <\/div>\n                    <\/div>\n                <\/article>\n            <\/div>\n\t\t            <div class=\"item\">\n                <article\n                        class=\"mh-estate-vertical  mh-attribute-property-type__departamento mh-attribute-offer-type__venta mh-attribute-city__antoni mh-attribute-bathrooms__bathrooms mh-attribute-property-size__property-size mh-attribute-year__year mh-attribute-features__para-reformar \"\n                >\n\t\t\t\t\t                        <add-to-favorite\n                                class=\"myhome-add-to-favorite\"\n                                :property-id=\"80\"\n                        ><\/add-to-favorite>\n\t\t\t\t\t\n                    <a href=\"https:\/\/werkalecinmuebles.com.ar\/index.php\/piso\/departamento\/antoni\/para-reformar\/piso-en-calle-de-sant-pacia-3\/\"\n                       title=\"Piso en calle de sant paci\u00e0, 3\"\n                       class=\"mh-thumbnail\"\n\t\t\t\t\t\t                    >\n\t\t\t\t\t\t                            <div class=\"mh-thumbnail__inner\">\n\t\t\t\t\t\t\t\t\t\t<img\n\t\t\t\t\t\t\tdata-srcset=\"https:\/\/werkalecinmuebles.com.ar\/wp-content\/uploads\/2022\/01\/2-2-120x75.png 120w, https:\/\/werkalecinmuebles.com.ar\/wp-content\/uploads\/2022\/01\/2-2-848x530.png 848w, https:\/\/werkalecinmuebles.com.ar\/wp-content\/uploads\/2022\/01\/2-2-600x375.png 600w, https:\/\/werkalecinmuebles.com.ar\/wp-content\/uploads\/2022\/01\/2-2-400x250.png 400w, https:\/\/werkalecinmuebles.com.ar\/wp-content\/uploads\/2022\/01\/2-2-224x140.png 224w\"\n\t\t\t\tclass=\"lazyload \"\n\t\t\t\tdata-sizes=\"auto\"\n\t\t\t\t\t\talt=\"Piso en calle de sant paci\u00e0, 3\"\n\t\t>\n\t\t                            <\/div>\n\t\t\t\t\t\t\n\t\t\t\t\t\t\n\t\t\t\t\t\t                            <div class=\"mh-caption\">\n\n\t\t\t\t\t\t\t\t\t\t\t\t\t\t\t\t\t                                        <div\n                                                class=\"mh-caption__inner mh-label__venta\"\n                                                style=\"background-color: #fc0000; color: #fff\"\n                                        >\n\t\t\t\t\t\t\t\t\t\t\tVenta                                        <\/div>\n\t\t\t\t\t\t\t\t\t\t\t\t\t\t\t\t\t\n                            <\/div>\n\t\t\t\t\t\t\n                        <div class=\"mh-estate-vertical__text\">\n                            <div class=\"mh-estate-vertical__text__inner\">\n\t\t\t\t\t\t\t\t\r\nEl Barrio\r\n\r\nSant Antoni, el nuevo barrio de moda de Barcelona\r\n\r\n\r\n\r\n\r\nHasta hace no demasiado tiempo, el barrio de Sant Antoni situado en el distrito del...                            <\/div>\n                        <\/div>\n                    <\/a>\n\n                    <div class=\"mh-estate-vertical__content\">\n                        <h3 class=\"mh-estate-vertical__heading\">\n                            <a href=\"https:\/\/werkalecinmuebles.com.ar\/index.php\/piso\/departamento\/antoni\/para-reformar\/piso-en-calle-de-sant-pacia-3\/\"\n                               title=\"Piso en calle de sant paci\u00e0, 3\"\n\t\t\t\t\t\t\t\t                            >\n\t\t\t\t\t\t\t\tPiso en calle de sant paci\u00e0, 3                            <\/a>\n                        <\/h3>\n\n\t\t\t\t\t\t\n                        <div class=\"mh-estate-vertical__primary\">\n\t\t\t\t\t\t\t\t\t\t\t\t\t\t\t                                    <div\n\t\t\t\t\t\t\t\t\t\t>\n\t\t\t\t\t\t\t\t\t\tE92,000                                    <\/div>\n\t\t\t\t\t\t\t\t\t\t\t\t\t\t\t                        <\/div>\n\n                        <div>\n                            <div class=\"mh-estate__list\">\n\t\t\t\t\t\t\t\t                            <\/div>\n                        <\/div>\n\n                        <div class=\"mh-estate-vertical__bottom\">\n                            <div class=\"mh-estate-vertical__bottom__inner\">\n\n\t\t\t\t\t\t\t\t\n                                <div class=\"mh-estate-vertical__buttons-wrapper\">\n                                    <div class=\"mh-estate-vertical__buttons\">\n\n\t\t\t\t\t\t\t\t\t\t                                            <div class=\"mh-estate-vertical__buttons__single\">\n                                                <compare-button\n                                                        class=\"myhome-compare-button\"\n                                                        :estate=\"{&quot;id&quot;:80,&quot;name&quot;:&quot;Piso en calle de sant paci\\u00e0, 3&quot;,&quot;slug&quot;:&quot;piso-en-calle-de-sant-pacia-3&quot;,&quot;excerpt&quot;:&quot;\\r\\nEl Barrio\\r\\n\\r\\nSant Antoni, el nuevo barrio de moda de Barcelona\\r\\n\\r\\n\\r\\n\\r\\n\\r\\nHasta hace no demasiado tiempo, el barrio de San...&quot;,&quot;link&quot;:&quot;https:\\\/\\\/werkalecinmuebles.com.ar\\\/index.php\\\/piso\\\/departamento\\\/antoni\\\/para-reformar\\\/piso-en-calle-de-sant-pacia-3\\\/&quot;,&quot;has_price&quot;:true,&quot;image_srcset&quot;:&quot;https:\\\/\\\/werkalecinmuebles.com.ar\\\/wp-content\\\/uploads\\\/2022\\\/01\\\/2-2-120x75.png 120w, https:\\\/\\\/werkalecinmuebles.com.ar\\\/wp-content\\\/uploads\\\/2022\\\/01\\\/2-2-848x530.png 848w, https:\\\/\\\/werkalecinmuebles.com.ar\\\/wp-content\\\/uploads\\\/2022\\\/01\\\/2-2-600x375.png 600w, https:\\\/\\\/werkalecinmuebles.com.ar\\\/wp-content\\\/uploads\\\/2022\\\/01\\\/2-2-400x250.png 400w, https:\\\/\\\/werkalecinmuebles.com.ar\\\/wp-content\\\/uploads\\\/2022\\\/01\\\/2-2-224x140.png 224w&quot;,&quot;image&quot;:&quot;https:\\\/\\\/werkalecinmuebles.com.ar\\\/wp-content\\\/uploads\\\/2022\\\/01\\\/2-2.png&quot;,&quot;attributes&quot;:[{&quot;name&quot;:&quot;Tipolog\\u00eda&quot;,&quot;slug&quot;:&quot;property-type&quot;,&quot;has_archive&quot;:true,&quot;values&quot;:[{&quot;name&quot;:&quot;Departamento&quot;,&quot;value&quot;:&quot;Departamento&quot;,&quot;link&quot;:&quot;https:\\\/\\\/werkalecinmuebles.com.ar\\\/index.php\\\/property-type\\\/departamento\\\/&quot;,&quot;slug&quot;:&quot;departamento&quot;,&quot;options&quot;:[]}],&quot;display_after&quot;:&quot;&quot;,&quot;show&quot;:true,&quot;card_show&quot;:false,&quot;icon&quot;:&quot;&quot;},{&quot;name&quot;:&quot;Operacion&quot;,&quot;slug&quot;:&quot;offer-type&quot;,&quot;has_archive&quot;:true,&quot;values&quot;:[{&quot;name&quot;:&quot;Venta&quot;,&quot;value&quot;:&quot;Venta&quot;,&quot;link&quot;:&quot;https:\\\/\\\/werkalecinmuebles.com.ar\\\/index.php\\\/offer-type\\\/venta\\\/&quot;,&quot;slug&quot;:&quot;venta&quot;,&quot;options&quot;:{&quot;has_label&quot;:true,&quot;bg_color&quot;:&quot;#fc0000&quot;,&quot;color&quot;:&quot;#fff&quot;}}],&quot;display_after&quot;:&quot;&quot;,&quot;show&quot;:true,&quot;card_show&quot;:false,&quot;icon&quot;:&quot;&quot;},{&quot;name&quot;:&quot;Ciudad&quot;,&quot;slug&quot;:&quot;city&quot;,&quot;has_archive&quot;:true,&quot;values&quot;:[{&quot;name&quot;:&quot;Sant Antoni&quot;,&quot;value&quot;:&quot;Sant Antoni&quot;,&quot;link&quot;:&quot;https:\\\/\\\/werkalecinmuebles.com.ar\\\/index.php\\\/city\\\/antoni\\\/&quot;,&quot;slug&quot;:&quot;antoni&quot;,&quot;options&quot;:[]}],&quot;display_after&quot;:&quot;&quot;,&quot;show&quot;:true,&quot;card_show&quot;:false,&quot;icon&quot;:&quot;&quot;},{&quot;name&quot;:&quot;Ba\\u00f1os&quot;,&quot;slug&quot;:&quot;bathrooms&quot;,&quot;has_archive&quot;:false,&quot;values&quot;:[{&quot;name&quot;:&quot;1&quot;,&quot;value&quot;:&quot;1&quot;,&quot;link&quot;:&quot;&quot;,&quot;slug&quot;:&quot;bathrooms&quot;,&quot;options&quot;:[]}],&quot;display_after&quot;:&quot;&quot;,&quot;show&quot;:true,&quot;card_show&quot;:false,&quot;icon&quot;:&quot;&quot;},{&quot;name&quot;:&quot;Superficie&quot;,&quot;slug&quot;:&quot;property-size&quot;,&quot;has_archive&quot;:false,&quot;values&quot;:[{&quot;name&quot;:&quot;42&quot;,&quot;value&quot;:&quot;42&quot;,&quot;link&quot;:&quot;&quot;,&quot;slug&quot;:&quot;property-size&quot;,&quot;options&quot;:[]}],&quot;display_after&quot;:&quot;&quot;,&quot;show&quot;:true,&quot;card_show&quot;:false,&quot;icon&quot;:&quot;&quot;},{&quot;name&quot;:&quot;Terreno&quot;,&quot;slug&quot;:&quot;lot-size&quot;,&quot;has_archive&quot;:false,&quot;values&quot;:[],&quot;display_after&quot;:&quot;&quot;,&quot;show&quot;:true,&quot;card_show&quot;:false,&quot;icon&quot;:&quot;&quot;},{&quot;name&quot;:&quot;A\\u00f1o&quot;,&quot;slug&quot;:&quot;year&quot;,&quot;has_archive&quot;:false,&quot;values&quot;:[{&quot;name&quot;:&quot;1900&quot;,&quot;value&quot;:&quot;1900&quot;,&quot;link&quot;:&quot;&quot;,&quot;slug&quot;:&quot;year&quot;,&quot;options&quot;:[]}],&quot;display_after&quot;:&quot;&quot;,&quot;show&quot;:true,&quot;card_show&quot;:false,&quot;icon&quot;:&quot;&quot;},{&quot;name&quot;:&quot;Caracter\\u00edsticas&quot;,&quot;slug&quot;:&quot;features&quot;,&quot;has_archive&quot;:true,&quot;values&quot;:[{&quot;name&quot;:&quot;Para reformar&quot;,&quot;value&quot;:&quot;Para reformar&quot;,&quot;link&quot;:&quot;https:\\\/\\\/werkalecinmuebles.com.ar\\\/index.php\\\/features\\\/para-reformar\\\/&quot;,&quot;slug&quot;:&quot;para-reformar&quot;,&quot;options&quot;:[]}],&quot;display_after&quot;:&quot;&quot;,&quot;show&quot;:true,&quot;card_show&quot;:false,&quot;icon&quot;:&quot;&quot;}],&quot;address&quot;:&quot;&quot;,&quot;days_ago&quot;:&quot;4 a\\u00f1os ago&quot;,&quot;is_featured&quot;:false,&quot;offer_type&quot;:[{&quot;name&quot;:&quot;Venta&quot;,&quot;value&quot;:&quot;Venta&quot;,&quot;link&quot;:&quot;https:\\\/\\\/werkalecinmuebles.com.ar\\\/index.php\\\/offer-type\\\/venta\\\/&quot;,&quot;slug&quot;:&quot;venta&quot;,&quot;options&quot;:{&quot;has_label&quot;:true,&quot;bg_color&quot;:&quot;#fc0000&quot;,&quot;color&quot;:&quot;#fff&quot;}}],&quot;status&quot;:&quot;publish&quot;,&quot;payment_status&quot;:&quot;pre_payment&quot;,&quot;attribute_classes&quot;:&quot; mh-attribute-property-type__departamento mh-attribute-offer-type__venta mh-attribute-city__antoni mh-attribute-bathrooms__bathrooms mh-attribute-property-size__property-size mh-attribute-year__year mh-attribute-features__para-reformar&quot;,&quot;gallery&quot;:[{&quot;image&quot;:&quot;https:\\\/\\\/werkalecinmuebles.com.ar\\\/wp-content\\\/uploads\\\/2022\\\/01\\\/1-2-600x375.png&quot;,&quot;alt&quot;:&quot;Piso en Calle de Sant Paci\\u00e0, 3 A LA VENTA EN BARCELONA&quot;},{&quot;image&quot;:&quot;https:\\\/\\\/werkalecinmuebles.com.ar\\\/wp-content\\\/uploads\\\/2022\\\/01\\\/2-2-600x375.png&quot;,&quot;alt&quot;:&quot;Piso en Calle de Sant Paci\\u00e0, 3 A LA VENTA EN BARCELONA&quot;},{&quot;image&quot;:&quot;https:\\\/\\\/werkalecinmuebles.com.ar\\\/wp-content\\\/uploads\\\/2022\\\/01\\\/3-2-600x375.png&quot;,&quot;alt&quot;:&quot;Piso en Calle de Sant Paci\\u00e0, 3 A LA VENTA EN BARCELONA&quot;},{&quot;image&quot;:&quot;https:\\\/\\\/werkalecinmuebles.com.ar\\\/wp-content\\\/uploads\\\/2022\\\/01\\\/4-1-600x375.png&quot;,&quot;alt&quot;:&quot;Piso en Calle de Sant Paci\\u00e0, 3 A LA VENTA EN BARCELONA&quot;},{&quot;image&quot;:&quot;https:\\\/\\\/werkalecinmuebles.com.ar\\\/wp-content\\\/uploads\\\/2022\\\/01\\\/5-2-600x375.png&quot;,&quot;alt&quot;:&quot;Piso en Calle de Sant Paci\\u00e0, 3 A LA VENTA EN BARCELONA&quot;}],&quot;date&quot;:&quot;7 de enero de 2022&quot;,&quot;price&quot;:[{&quot;price&quot;:&quot;E92,000&quot;,&quot;is_range&quot;:false}]}\"\n                                                ><\/compare-button>\n                                            <\/div>\n\t\t\t\t\t\t\t\t\t\t\n                                        <div class=\"mh-estate-vertical__buttons__single\">\n                                            <a href=\"https:\/\/werkalecinmuebles.com.ar\/index.php\/piso\/departamento\/antoni\/para-reformar\/piso-en-calle-de-sant-pacia-3\/\"\n                                               title=\"Piso en calle de sant paci\u00e0, 3\"\n                                               class=\"mdl-button mdl-js-button mdl-button--raised mdl-button--primary-ghost\"\n\t\t\t\t\t\t\t\t\t\t\t\t                                            >\n\t\t\t\t\t\t\t\t\t\t\t\tDetails                                                <span class=\"mdl-button__icon-right\">\n                                                <i class=\"fas fa-angle-right\"><\/i>\n                                            <\/span>\n                                            <\/a>\n                                        <\/div>\n                                    <\/div>\n                                <\/div>\n                            <\/div>\n                        <\/div>\n                    <\/div>\n                <\/article>\n            <\/div>\n\t\t    <\/div>\n\n[\/vc_column][\/vc_row]<\/p>\n<\/div>","protected":false},"excerpt":{"rendered":"<p>[vc_row][vc_column][vc_column_text css=&#8221;&#8221;] PREGUNTAS FRECUENTES (ACTUALIZADAS MARZO 2025) \u00bf Cu\u00e1les son los documentos que se firman ? &nbsp; El proceso es muy similar a una compra venta en la Argentian. Se realiza una&nbsp;RESERVA&nbsp;de E 3.000,- con lo cual se saca de la oferta el Inmueble. Ah\u00ed se realiza el documento de \u201cOFERTA DE COMPRA\u201d en forma [&hellip;]<\/p>\n","protected":false},"author":1,"featured_media":29,"parent":0,"menu_order":0,"comment_status":"closed","ping_status":"closed","template":"","meta":{"ngg_post_thumbnail":0,"footnotes":""},"class_list":["post-12","page","type-page","status-publish","has-post-thumbnail","hentry"],"acf":[],"_links":{"self":[{"href":"https:\/\/werkalecinmuebles.com.ar\/index.php\/wp-json\/wp\/v2\/pages\/12","targetHints":{"allow":["GET"]}}],"collection":[{"href":"https:\/\/werkalecinmuebles.com.ar\/index.php\/wp-json\/wp\/v2\/pages"}],"about":[{"href":"https:\/\/werkalecinmuebles.com.ar\/index.php\/wp-json\/wp\/v2\/types\/page"}],"author":[{"embeddable":true,"href":"https:\/\/werkalecinmuebles.com.ar\/index.php\/wp-json\/wp\/v2\/users\/1"}],"replies":[{"embeddable":true,"href":"https:\/\/werkalecinmuebles.com.ar\/index.php\/wp-json\/wp\/v2\/comments?post=12"}],"version-history":[{"count":13,"href":"https:\/\/werkalecinmuebles.com.ar\/index.php\/wp-json\/wp\/v2\/pages\/12\/revisions"}],"predecessor-version":[{"id":326,"href":"https:\/\/werkalecinmuebles.com.ar\/index.php\/wp-json\/wp\/v2\/pages\/12\/revisions\/326"}],"wp:featuredmedia":[{"embeddable":true,"href":"https:\/\/werkalecinmuebles.com.ar\/index.php\/wp-json\/wp\/v2\/media\/29"}],"wp:attachment":[{"href":"https:\/\/werkalecinmuebles.com.ar\/index.php\/wp-json\/wp\/v2\/media?parent=12"}],"curies":[{"name":"wp","href":"https:\/\/api.w.org\/{rel}","templated":true}]}}